{"id":2089,"date":"2025-11-08T16:38:17","date_gmt":"2025-11-08T16:38:17","guid":{"rendered":"https:\/\/wp.dev.gewoelbebau.lobal.at\/?post_type=projektreferenz&#038;p=2089"},"modified":"2025-11-08T16:41:30","modified_gmt":"2025-11-08T16:41:30","slug":"natursteinmauer-terrasse","status":"publish","type":"projektreferenz","link":"https:\/\/www.gewoelbebau.at\/de_de\/projektreferenz\/natursteinmauer-terrasse\/","title":{"rendered":"Natursteinmauer Terrasse"},"content":{"rendered":"\n<figure class=\"wp-block-image aligncenter size-full\"><img fetchpriority=\"high\" decoding=\"async\" width=\"2560\" height=\"1707\" src=\"https:\/\/www.gewoelbebau.at\/wp-content\/uploads\/2025\/11\/FUX_3528-scaled.jpg\" alt=\"\" class=\"wp-image-2092\" srcset=\"https:\/\/www.gewoelbebau.at\/wp-content\/uploads\/2025\/11\/FUX_3528-scaled.jpg 2560w, https:\/\/www.gewoelbebau.at\/wp-content\/uploads\/2025\/11\/FUX_3528-300x200.jpg 300w, https:\/\/www.gewoelbebau.at\/wp-content\/uploads\/2025\/11\/FUX_3528-1024x683.jpg 1024w, https:\/\/www.gewoelbebau.at\/wp-content\/uploads\/2025\/11\/FUX_3528-768x512.jpg 768w, https:\/\/www.gewoelbebau.at\/wp-content\/uploads\/2025\/11\/FUX_3528-1536x1024.jpg 1536w, https:\/\/www.gewoelbebau.at\/wp-content\/uploads\/2025\/11\/FUX_3528-2048x1365.jpg 2048w, https:\/\/www.gewoelbebau.at\/wp-content\/uploads\/2025\/11\/FUX_3528-18x12.jpg 18w\" sizes=\"(max-width: 2560px) 100vw, 2560px\" \/><figcaption class=\"wp-element-caption\">Foto by Flora Fellner<\/figcaption><\/figure>\n\n\n\n<div class=\"wp-block-group is-nowrap is-layout-flex wp-container-core-group-is-layout-6c531013 wp-block-group-is-layout-flex\">\n<div class=\"wp-block-columns is-layout-flex wp-container-core-columns-is-layout-28f84493 wp-block-columns-is-layout-flex\">\n<div class=\"wp-block-column is-layout-flow wp-block-column-is-layout-flow\" style=\"flex-basis:100%\"><\/div>\n<\/div>\n<\/div>\n\n\n\n<figure class=\"wp-block-gallery has-nested-images columns-default is-cropped wp-block-gallery-1 is-layout-flex wp-block-gallery-is-layout-flex\">\n<figure class=\"wp-block-image size-large\"><img decoding=\"async\" width=\"646\" height=\"493\" data-id=\"2101\" src=\"https:\/\/www.gewoelbebau.at\/wp-content\/uploads\/2025\/11\/terrasse-2.jpg\" alt=\"\" class=\"wp-image-2101\" srcset=\"https:\/\/www.gewoelbebau.at\/wp-content\/uploads\/2025\/11\/terrasse-2.jpg 646w, https:\/\/www.gewoelbebau.at\/wp-content\/uploads\/2025\/11\/terrasse-2-300x229.jpg 300w, https:\/\/www.gewoelbebau.at\/wp-content\/uploads\/2025\/11\/terrasse-2-16x12.jpg 16w\" sizes=\"(max-width: 646px) 100vw, 646px\" \/><\/figure>\n\n\n\n<figure class=\"wp-block-image size-large\"><img decoding=\"async\" width=\"1024\" height=\"681\" data-id=\"2102\" src=\"https:\/\/www.gewoelbebau.at\/wp-content\/uploads\/2025\/11\/313164159_104811212436562_2240917938313315961_n-1-1024x681.jpg\" alt=\"\" class=\"wp-image-2102\" srcset=\"https:\/\/www.gewoelbebau.at\/wp-content\/uploads\/2025\/11\/313164159_104811212436562_2240917938313315961_n-1-1024x681.jpg 1024w, https:\/\/www.gewoelbebau.at\/wp-content\/uploads\/2025\/11\/313164159_104811212436562_2240917938313315961_n-1-300x199.jpg 300w, https:\/\/www.gewoelbebau.at\/wp-content\/uploads\/2025\/11\/313164159_104811212436562_2240917938313315961_n-1-768x510.jpg 768w, https:\/\/www.gewoelbebau.at\/wp-content\/uploads\/2025\/11\/313164159_104811212436562_2240917938313315961_n-1-1536x1021.jpg 1536w, https:\/\/www.gewoelbebau.at\/wp-content\/uploads\/2025\/11\/313164159_104811212436562_2240917938313315961_n-1-18x12.jpg 18w, https:\/\/www.gewoelbebau.at\/wp-content\/uploads\/2025\/11\/313164159_104811212436562_2240917938313315961_n-1.jpg 2048w\" sizes=\"(max-width: 1024px) 100vw, 1024px\" \/><\/figure>\n<\/figure>\n\n\n\n<p>Natursteinmauer schafft mediterranes Flair auf der Terrasse.<\/p>\n\n\n\n<p><\/p>\n","protected":false},"featured_media":2093,"template":"","meta":{"_acf_changed":false},"categories":[12],"class_list":["post-2089","projektreferenz","type-projektreferenz","status-publish","has-post-thumbnail","hentry","category-natursteinmauern"],"acf":[],"yoast_head":"<!-- This site is optimized with the Yoast SEO plugin v26.8 - https:\/\/yoast.com\/product\/yoast-seo-wordpress\/ -->\n<title>Natursteinmauer Terrasse - Jahn Gew\u00f6lbebau<\/title>\n<meta name=\"robots\" content=\"index, follow, max-snippet:-1, max-image-preview:large, max-video-preview:-1\" \/>\n<link rel=\"canonical\" href=\"https:\/\/www.gewoelbebau.at\/de_de\/projektreferenz\/natursteinmauer-terrasse\/\" \/>\n<meta property=\"og:locale\" content=\"de_DE\" \/>\n<meta property=\"og:type\" content=\"article\" \/>\n<meta property=\"og:title\" content=\"Natursteinmauer Terrasse - Jahn Gew\u00f6lbebau\" \/>\n<meta property=\"og:description\" content=\"Natursteinmauer schafft mediterranes Flair auf der Terrasse.\" \/>\n<meta property=\"og:url\" content=\"https:\/\/www.gewoelbebau.at\/de_de\/projektreferenz\/natursteinmauer-terrasse\/\" \/>\n<meta property=\"og:site_name\" content=\"Jahn Gew\u00f6lbebau\" \/>\n<meta property=\"article:publisher\" content=\"https:\/\/www.facebook.com\/jahngewoelbebau\/\" \/>\n<meta property=\"article:modified_time\" content=\"2025-11-08T16:41:30+00:00\" \/>\n<meta property=\"og:image\" content=\"https:\/\/www.gewoelbebau.at\/wp-content\/uploads\/2025\/11\/FUX_3512-scaled.jpg\" \/>\n\t<meta property=\"og:image:width\" content=\"2560\" \/>\n\t<meta property=\"og:image:height\" content=\"1707\" \/>\n\t<meta property=\"og:image:type\" content=\"image\/jpeg\" \/>\n<meta name=\"twitter:card\" content=\"summary_large_image\" \/>\n<meta name=\"twitter:label1\" content=\"Gesch\u00e4tzte Lesezeit\" \/>\n\t<meta name=\"twitter:data1\" content=\"1\u00a0Minute\" \/>\n<script type=\"application\/ld+json\" class=\"yoast-schema-graph\">{\"@context\":\"https:\/\/schema.org\",\"@graph\":[{\"@type\":\"WebPage\",\"@id\":\"https:\/\/www.gewoelbebau.at\/de_de\/projektreferenz\/natursteinmauer-terrasse\/\",\"url\":\"https:\/\/www.gewoelbebau.at\/de_de\/projektreferenz\/natursteinmauer-terrasse\/\",\"name\":\"Natursteinmauer Terrasse - Jahn Gew\u00f6lbebau\",\"isPartOf\":{\"@id\":\"https:\/\/www.gewoelbebau.at\/#website\"},\"primaryImageOfPage\":{\"@id\":\"https:\/\/www.gewoelbebau.at\/de_de\/projektreferenz\/natursteinmauer-terrasse\/#primaryimage\"},\"image\":{\"@id\":\"https:\/\/www.gewoelbebau.at\/de_de\/projektreferenz\/natursteinmauer-terrasse\/#primaryimage\"},\"thumbnailUrl\":\"https:\/\/www.gewoelbebau.at\/wp-content\/uploads\/2025\/11\/FUX_3512-scaled.jpg\",\"datePublished\":\"2025-11-08T16:38:17+00:00\",\"dateModified\":\"2025-11-08T16:41:30+00:00\",\"breadcrumb\":{\"@id\":\"https:\/\/www.gewoelbebau.at\/de_de\/projektreferenz\/natursteinmauer-terrasse\/#breadcrumb\"},\"inLanguage\":\"de\",\"potentialAction\":[{\"@type\":\"ReadAction\",\"target\":[\"https:\/\/www.gewoelbebau.at\/de_de\/projektreferenz\/natursteinmauer-terrasse\/\"]}]},{\"@type\":\"ImageObject\",\"inLanguage\":\"de\",\"@id\":\"https:\/\/www.gewoelbebau.at\/de_de\/projektreferenz\/natursteinmauer-terrasse\/#primaryimage\",\"url\":\"https:\/\/www.gewoelbebau.at\/wp-content\/uploads\/2025\/11\/FUX_3512-scaled.jpg\",\"contentUrl\":\"https:\/\/www.gewoelbebau.at\/wp-content\/uploads\/2025\/11\/FUX_3512-scaled.jpg\",\"width\":2560,\"height\":1707},{\"@type\":\"BreadcrumbList\",\"@id\":\"https:\/\/www.gewoelbebau.at\/de_de\/projektreferenz\/natursteinmauer-terrasse\/#breadcrumb\",\"itemListElement\":[{\"@type\":\"ListItem\",\"position\":1,\"name\":\"Startseite\",\"item\":\"https:\/\/www.gewoelbebau.at\/\"},{\"@type\":\"ListItem\",\"position\":2,\"name\":\"Natursteinmauer Terrasse\"}]},{\"@type\":\"WebSite\",\"@id\":\"https:\/\/www.gewoelbebau.at\/#website\",\"url\":\"https:\/\/www.gewoelbebau.at\/\",\"name\":\"Jahn Gew\u00f6lbebau GmbH\",\"description\":\"Bau von Gew\u00f6lben und Umsetzung individueller Wohnl\u00f6sungen\",\"publisher\":{\"@id\":\"https:\/\/www.gewoelbebau.at\/#organization\"},\"alternateName\":\"Jahn Gew\u00f6lbebau\",\"potentialAction\":[{\"@type\":\"SearchAction\",\"target\":{\"@type\":\"EntryPoint\",\"urlTemplate\":\"https:\/\/www.gewoelbebau.at\/?s={search_term_string}\"},\"query-input\":{\"@type\":\"PropertyValueSpecification\",\"valueRequired\":true,\"valueName\":\"search_term_string\"}}],\"inLanguage\":\"de\"},{\"@type\":\"Organization\",\"@id\":\"https:\/\/www.gewoelbebau.at\/#organization\",\"name\":\"Jahn Gew\u00f6lbebau GmbH\",\"alternateName\":\"Gew\u00f6lbebau\",\"url\":\"https:\/\/www.gewoelbebau.at\/\",\"logo\":{\"@type\":\"ImageObject\",\"inLanguage\":\"de\",\"@id\":\"https:\/\/www.gewoelbebau.at\/#\/schema\/logo\/image\/\",\"url\":\"https:\/\/www.gewoelbebau.at\/wp-content\/uploads\/2025\/04\/favicon-1.webp\",\"contentUrl\":\"https:\/\/www.gewoelbebau.at\/wp-content\/uploads\/2025\/04\/favicon-1.webp\",\"width\":512,\"height\":512,\"caption\":\"Jahn Gew\u00f6lbebau GmbH\"},\"image\":{\"@id\":\"https:\/\/www.gewoelbebau.at\/#\/schema\/logo\/image\/\"},\"sameAs\":[\"https:\/\/www.facebook.com\/jahngewoelbebau\/\",\"https:\/\/www.instagram.com\/jahn_gewoelbebau\/\"]}]}<\/script>\n<!-- \/ Yoast SEO plugin. -->","yoast_head_json":{"title":"Natursteinmauer Terrasse - Jahn Gew\u00f6lbebau","robots":{"index":"index","follow":"follow","max-snippet":"max-snippet:-1","max-image-preview":"max-image-preview:large","max-video-preview":"max-video-preview:-1"},"canonical":"https:\/\/www.gewoelbebau.at\/de_de\/projektreferenz\/natursteinmauer-terrasse\/","og_locale":"de_DE","og_type":"article","og_title":"Natursteinmauer Terrasse - Jahn Gew\u00f6lbebau","og_description":"Natursteinmauer schafft mediterranes Flair auf der Terrasse.","og_url":"https:\/\/www.gewoelbebau.at\/de_de\/projektreferenz\/natursteinmauer-terrasse\/","og_site_name":"Jahn Gew\u00f6lbebau","article_publisher":"https:\/\/www.facebook.com\/jahngewoelbebau\/","article_modified_time":"2025-11-08T16:41:30+00:00","og_image":[{"width":2560,"height":1707,"url":"https:\/\/www.gewoelbebau.at\/wp-content\/uploads\/2025\/11\/FUX_3512-scaled.jpg","type":"image\/jpeg"}],"twitter_card":"summary_large_image","twitter_misc":{"Gesch\u00e4tzte Lesezeit":"1\u00a0Minute"},"schema":{"@context":"https:\/\/schema.org","@graph":[{"@type":"WebPage","@id":"https:\/\/www.gewoelbebau.at\/de_de\/projektreferenz\/natursteinmauer-terrasse\/","url":"https:\/\/www.gewoelbebau.at\/de_de\/projektreferenz\/natursteinmauer-terrasse\/","name":"Natursteinmauer Terrasse - Jahn Gew\u00f6lbebau","isPartOf":{"@id":"https:\/\/www.gewoelbebau.at\/#website"},"primaryImageOfPage":{"@id":"https:\/\/www.gewoelbebau.at\/de_de\/projektreferenz\/natursteinmauer-terrasse\/#primaryimage"},"image":{"@id":"https:\/\/www.gewoelbebau.at\/de_de\/projektreferenz\/natursteinmauer-terrasse\/#primaryimage"},"thumbnailUrl":"https:\/\/www.gewoelbebau.at\/wp-content\/uploads\/2025\/11\/FUX_3512-scaled.jpg","datePublished":"2025-11-08T16:38:17+00:00","dateModified":"2025-11-08T16:41:30+00:00","breadcrumb":{"@id":"https:\/\/www.gewoelbebau.at\/de_de\/projektreferenz\/natursteinmauer-terrasse\/#breadcrumb"},"inLanguage":"de","potentialAction":[{"@type":"ReadAction","target":["https:\/\/www.gewoelbebau.at\/de_de\/projektreferenz\/natursteinmauer-terrasse\/"]}]},{"@type":"ImageObject","inLanguage":"de","@id":"https:\/\/www.gewoelbebau.at\/de_de\/projektreferenz\/natursteinmauer-terrasse\/#primaryimage","url":"https:\/\/www.gewoelbebau.at\/wp-content\/uploads\/2025\/11\/FUX_3512-scaled.jpg","contentUrl":"https:\/\/www.gewoelbebau.at\/wp-content\/uploads\/2025\/11\/FUX_3512-scaled.jpg","width":2560,"height":1707},{"@type":"BreadcrumbList","@id":"https:\/\/www.gewoelbebau.at\/de_de\/projektreferenz\/natursteinmauer-terrasse\/#breadcrumb","itemListElement":[{"@type":"ListItem","position":1,"name":"Startseite","item":"https:\/\/www.gewoelbebau.at\/"},{"@type":"ListItem","position":2,"name":"Natursteinmauer Terrasse"}]},{"@type":"WebSite","@id":"https:\/\/www.gewoelbebau.at\/#website","url":"https:\/\/www.gewoelbebau.at\/","name":"Jahn Gew\u00f6lbebau GmbH","description":"Bau von Gew\u00f6lben und Umsetzung individueller Wohnl\u00f6sungen","publisher":{"@id":"https:\/\/www.gewoelbebau.at\/#organization"},"alternateName":"Jahn Gew\u00f6lbebau","potentialAction":[{"@type":"SearchAction","target":{"@type":"EntryPoint","urlTemplate":"https:\/\/www.gewoelbebau.at\/?s={search_term_string}"},"query-input":{"@type":"PropertyValueSpecification","valueRequired":true,"valueName":"search_term_string"}}],"inLanguage":"de"},{"@type":"Organization","@id":"https:\/\/www.gewoelbebau.at\/#organization","name":"Jahn Gew\u00f6lbebau GmbH","alternateName":"Gew\u00f6lbebau","url":"https:\/\/www.gewoelbebau.at\/","logo":{"@type":"ImageObject","inLanguage":"de","@id":"https:\/\/www.gewoelbebau.at\/#\/schema\/logo\/image\/","url":"https:\/\/www.gewoelbebau.at\/wp-content\/uploads\/2025\/04\/favicon-1.webp","contentUrl":"https:\/\/www.gewoelbebau.at\/wp-content\/uploads\/2025\/04\/favicon-1.webp","width":512,"height":512,"caption":"Jahn Gew\u00f6lbebau GmbH"},"image":{"@id":"https:\/\/www.gewoelbebau.at\/#\/schema\/logo\/image\/"},"sameAs":["https:\/\/www.facebook.com\/jahngewoelbebau\/","https:\/\/www.instagram.com\/jahn_gewoelbebau\/"]}]}},"_links":{"self":[{"href":"https:\/\/www.gewoelbebau.at\/de_de\/wp-json\/wp\/v2\/projektreferenz\/2089","targetHints":{"allow":["GET"]}}],"collection":[{"href":"https:\/\/www.gewoelbebau.at\/de_de\/wp-json\/wp\/v2\/projektreferenz"}],"about":[{"href":"https:\/\/www.gewoelbebau.at\/de_de\/wp-json\/wp\/v2\/types\/projektreferenz"}],"wp:featuredmedia":[{"embeddable":true,"href":"https:\/\/www.gewoelbebau.at\/de_de\/wp-json\/wp\/v2\/media\/2093"}],"wp:attachment":[{"href":"https:\/\/www.gewoelbebau.at\/de_de\/wp-json\/wp\/v2\/media?parent=2089"}],"wp:term":[{"taxonomy":"category","embeddable":true,"href":"https:\/\/www.gewoelbebau.at\/de_de\/wp-json\/wp\/v2\/categories?post=2089"}],"curies":[{"name":"wp","href":"https:\/\/api.w.org\/{rel}","templated":true}]}}